{"id":680,"date":"2016-11-02T02:27:06","date_gmt":"2016-11-02T02:27:06","guid":{"rendered":"http:\/\/oposalvent.cat\/?page_id=10"},"modified":"2020-10-09T20:58:19","modified_gmt":"2020-10-09T18:58:19","slug":"grupsiespecialitats","status":"publish","type":"page","link":"http:\/\/oposalvent.cat\/index.php\/grupsiespecialitats\/","title":{"rendered":"Grups i especialitats"},"content":{"rendered":"<p><div class=\"fusion-fullwidth fullwidth-box fusion-builder-row-1 nonhundred-percent-fullwidth non-hundred-percent-height-scrolling fusion-equal-height-columns\" style=\"background-color: rgba(22,83,165,0);background-position: center top;background-repeat: repeat-y;padding-top:15px;padding-right:0px;padding-bottom:0px;padding-left:0px;margin-bottom: 0px;margin-top: 124px;border-width: 0px 0px 0px 0px;border-color:#eae9e9;border-style:solid;\" ><div class=\"fusion-builder-row fusion-row\"><div class=\"fusion-layout-column fusion_builder_column fusion-builder-column-0 fusion_builder_column_1_1 1_1 fusion-one-full fusion-column-first fusion-column-last\" style=\"margin-top:0%;margin-bottom:88px;\"><div class=\"fusion-column-wrapper fusion-flex-column-wrapper-legacy\" style=\"background-position:left top;background-repeat:no-repeat;-webkit-background-size:cover;-moz-background-size:cover;-o-background-size:cover;background-size:cover;background-color:#ffffff;padding: 1px 0px 0px 0px;\"><div class=\"fusion-text fusion-text-1\"><h1 style=\"font-size: 52px;\" align=\"center\" data-fusion-font=\"true\"><span style=\"font-family: Roboto; color: #86939e; letter-spacing: normal;\" data-fusion-font=\"true\" data-fusion-google-font=\"Roboto\" data-fusion-google-variant=\"100\" data-fusion-google-subset=\"latin\">EDUCACI\u00d3 INFANTIL<\/span><\/h1>\n<\/div><div class=\"fusion-sep-clear\"><\/div><div class=\"fusion-separator fusion-full-width-sep\" style=\"margin-left: auto;margin-right: auto;width:100%;\"><div class=\"fusion-separator-border sep-single sep-solid\" style=\"border-color:#1653a5;border-top-width:5px;\"><\/div><\/div><div class=\"fusion-sep-clear\"><\/div><div class=\"fusion-builder-row fusion-builder-row-inner fusion-row\"><div class=\"fusion-layout-column fusion_builder_column_inner fusion-builder-nested-column-0 fusion_builder_column_inner_1_1 1_1 fusion-one-full fusion-column-first fusion-column-last\" style=\"margin-top:0px;margin-bottom:0px;\"><div class=\"fusion-column-wrapper fusion-flex-column-wrapper-legacy\" style=\"background-position:left top;background-repeat:no-repeat;-webkit-background-size:cover;-moz-background-size:cover;-o-background-size:cover;background-size:cover;padding: 40px 40px 40px 40px;\"><div class=\"fusion-text fusion-text-2\"><p align=\"justify\">Preparar el professorat que s&#8217;ocupa de les etapes inicials en el nostre sistema educatiu \u00e9s una de les especialitats m\u00e9s demandades i en la que hi tenim m\u00e9s experi\u00e8ncia. La consci\u00e8ncia d&#8217;aquesta import\u00e0ncia fa que, en aquest \u00e0mbit, la nostra preparaci\u00f3 destaqui per les eines i la profunditat:<\/p>\n<\/div><ul class=\"fusion-checklist fusion-checklist-1\" style=\"font-size:16px;line-height:27.2px;\"><li class=\"fusion-li-item\"><span style=\"height:27.2px;width:27.2px;margin-right:11.2px;\" class=\"icon-wrapper circle-no\"><i class=\"fusion-li-icon fa-check fas\" style=\"color:#6487c2;\" aria-hidden=\"true\"><\/i><\/span><div class=\"fusion-li-item-content\" style=\"margin-left:38.4px;\">Constant preparaci\u00f3, sota la base del contingut de cada convocat\u00f2ria, seguint les profundes renovacions en la preparaci\u00f3 infantil.<\/div><\/li><\/ul><div class=\"fusion-sep-clear\"><\/div><div class=\"fusion-separator fusion-full-width-sep\" style=\"margin-left: auto;margin-right: auto;margin-top:5px;margin-bottom:5px;width:100%;\"><div class=\"fusion-separator-border sep-single sep-solid\" style=\"border-color:rgba(239,243,249,0);border-top-width:5px;\"><\/div><\/div><div class=\"fusion-sep-clear\"><\/div><ul class=\"fusion-checklist fusion-checklist-2\" style=\"font-size:16px;line-height:27.2px;\"><li class=\"fusion-li-item\"><span style=\"height:27.2px;width:27.2px;margin-right:11.2px;\" class=\"icon-wrapper circle-no\"><i class=\"fusion-li-icon fa-check fas\" style=\"color:#6487c2;\" aria-hidden=\"true\"><\/i><\/span><div class=\"fusion-li-item-content\" style=\"margin-left:38.4px;\">Plasmaci\u00f3 d&#8217;aquesta realitat al material\u00a0 que posa a disposici\u00f3 de la preparaci\u00f3 per a tot l&#8217;alumnat, que es planifica i es desenvolupa partint d&#8217;ella.<\/div><\/li><\/ul><div class=\"fusion-sep-clear\"><\/div><div class=\"fusion-separator fusion-full-width-sep\" style=\"margin-left: auto;margin-right: auto;margin-top:5px;margin-bottom:5px;width:100%;\"><div class=\"fusion-separator-border sep-single sep-solid\" style=\"border-color:rgba(239,243,249,0);border-top-width:5px;\"><\/div><\/div><div class=\"fusion-sep-clear\"><\/div><ul class=\"fusion-checklist fusion-checklist-3\" style=\"font-size:16px;line-height:27.2px;\"><li class=\"fusion-li-item\"><span style=\"height:27.2px;width:27.2px;margin-right:11.2px;\" class=\"icon-wrapper circle-no\"><i class=\"fusion-li-icon fa-check fas\" style=\"color:#6487c2;\" aria-hidden=\"true\"><\/i><\/span><div class=\"fusion-li-item-content\" style=\"margin-left:38.4px;\">Exposici\u00f3 constant i individualitzada de les evolucions legislatives i program\u00e0tiques, pedag\u00f2giques i socials, que han influ\u00eft en el sistema educatiu vigent, posant \u00e8mfasi en les necessitats que van sorgint en cada moment.<\/div><\/li><\/ul><div class=\"fusion-sep-clear\"><\/div><div class=\"fusion-separator fusion-full-width-sep\" style=\"margin-left: auto;margin-right: auto;margin-top:5px;margin-bottom:5px;width:100%;\"><div class=\"fusion-separator-border sep-single sep-solid\" style=\"border-color:rgba(239,243,249,0);border-top-width:5px;\"><\/div><\/div><div class=\"fusion-sep-clear\"><\/div><div class=\"fusion-text fusion-text-3\"><p align=\"justify\">Tot i que aquesta sigui una especialitat consolidada a la nostra acad\u00e8mia, aix\u00ed com plenament implementada al sistema educatiu catal\u00e0, no es pot esbiaixar la seva consideraci\u00f3 respecte l&#8217;enorme rellev\u00e0ncia i la profunditat dels canvis que ha patit al llarg dels temps.<\/p>\n<p align=\"justify\">Precisament aquestes caracter\u00edstiques tan particulars fan que tota preparaci\u00f3 a l&#8217;acad\u00e8mia, amb les particularitats de cada \u00e0rea, es focalitzi en la individualitzaci\u00f3 de l&#8217;ensenyament, l&#8217;excel\u00b7l\u00e8ncia amb el professorat que preparem i la recerca d&#8217;uns resultats que es traslladin en una millora material de la doc\u00e8ncia al sistema p\u00fablic educatiu.<\/p>\n<\/div><div class=\"fusion-sep-clear\"><\/div><div class=\"fusion-separator fusion-full-width-sep\" style=\"margin-left: auto;margin-right: auto;margin-top:20px;width:100%;\"><\/div><div class=\"fusion-sep-clear\"><\/div><div class=\"fusion-aligncenter\"><style type=\"text\/css\">.fusion-button.button-1 {border-radius:2px;}<\/style><a class=\"fusion-button button-flat fusion-button-default-size button-default button-1 fusion-button-default-span fusion-button-default-type\" target=\"_self\" href=\"http:\/\/oposalvent.cat\/index.php\/contacta\/\"><span class=\"fusion-button-text\">Contacta&#8217;ns per a la preparaci\u00f3 en ed. infantil<\/span><\/a><\/div><div class=\"fusion-clearfix\"><\/div><\/div><\/div><\/div><div class=\"imageframe-align-center\"><span class=\" fusion-imageframe imageframe-none imageframe-1 hover-type-none\"><img width=\"150\" height=\"150\" title=\"91\" src=\"http:\/\/oposalvent.cat\/wp-content\/uploads\/2020\/06\/91-150x150.png\" class=\"img-responsive wp-image-978\" srcset=\"http:\/\/oposalvent.cat\/wp-content\/uploads\/2020\/06\/91-200x200.png 200w, http:\/\/oposalvent.cat\/wp-content\/uploads\/2020\/06\/91-400x400.png 400w, http:\/\/oposalvent.cat\/wp-content\/uploads\/2020\/06\/91.png 512w\" sizes=\"(max-width: 767px) 100vw, 150px\" \/><\/span><\/div><div class=\"fusion-clearfix\"><\/div><\/div><\/div><div class=\"fusion-layout-column fusion_builder_column fusion-builder-column-1 fusion_builder_column_1_1 1_1 fusion-one-full fusion-column-first fusion-column-last\" style=\"margin-top:0%;margin-bottom:0px;\"><div class=\"fusion-column-wrapper fusion-flex-column-wrapper-legacy\" style=\"background-position:left top;background-repeat:no-repeat;-webkit-background-size:cover;-moz-background-size:cover;-o-background-size:cover;background-size:cover;background-color:#ffffff;padding: 1px 0px 0px 0px;\"><div class=\"fusion-text fusion-text-4\"><h1 style=\"font-size: 52px;\" data-fusion-font=\"true\" align=\"center\"><span style=\"font-family: Roboto; color: #86939e; letter-spacing: normal;\" data-fusion-font=\"true\" data-fusion-google-font=\"Roboto\" data-fusion-google-variant=\"100\" data-fusion-google-subset=\"latin\">EDUCA<span style=\"line-height: 46px;\" data-fusion-font=\"true\">CI\u00d3 P<\/span>RIM\u00c0RIA<\/span><b><span style=\"font-family: Roboto; color: #86939e; letter-spacing: normal;\" data-fusion-font=\"true\" data-fusion-google-font=\"Roboto\" data-fusion-google-variant=\"100\" data-fusion-google-subset=\"latin\"><br \/>\n<\/span><\/b><\/h1>\n<\/div><div class=\"fusion-sep-clear\"><\/div><div class=\"fusion-separator fusion-full-width-sep\" style=\"margin-left: auto;margin-right: auto;width:100%;\"><div class=\"fusion-separator-border sep-single sep-solid\" style=\"border-color:#1653a5;border-top-width:5px;\"><\/div><\/div><div class=\"fusion-sep-clear\"><\/div><div class=\"fusion-builder-row fusion-builder-row-inner fusion-row\"><div class=\"fusion-layout-column fusion_builder_column_inner fusion-builder-nested-column-1 fusion_builder_column_inner_1_1 1_1 fusion-one-full fusion-column-first fusion-column-last\" style=\"margin-top:0px;margin-bottom:0px;\"><div class=\"fusion-column-wrapper fusion-flex-column-wrapper-legacy\" style=\"background-position:left top;background-repeat:no-repeat;-webkit-background-size:cover;-moz-background-size:cover;-o-background-size:cover;background-size:cover;padding: 40px 40px 40px 40px;\"><div class=\"fusion-text fusion-text-5\"><p align=\"justify\">Aquesta segona etapa de l&#8217;educaci\u00f3 obligat\u00f2ria, caracteritzada per la seva llarga durada i la major autonomia dels nens i nenes, implica tamb\u00e9 una necess\u00e0ria especialitzaci\u00f3 primordial per a tot el cos docent:<\/p>\n<\/div><ul class=\"fusion-checklist fusion-checklist-4\" style=\"font-size:16px;line-height:27.2px;\"><li class=\"fusion-li-item\"><span style=\"height:27.2px;width:27.2px;margin-right:11.2px;\" class=\"icon-wrapper circle-no\"><i class=\"fusion-li-icon fa-check fas\" style=\"color:#6487c2;\" aria-hidden=\"true\"><\/i><\/span><div class=\"fusion-li-item-content\" style=\"margin-left:38.4px;\">\n<p>Estudi i preparaci\u00f3 dels canvis i estructuracions legislatives.<\/p>\n<\/div><\/li><\/ul><div class=\"fusion-sep-clear\"><\/div><div class=\"fusion-separator fusion-full-width-sep\" style=\"margin-left: auto;margin-right: auto;margin-top:5px;margin-bottom:5px;width:100%;\"><div class=\"fusion-separator-border sep-single sep-solid\" style=\"border-color:rgba(239,243,249,0);border-top-width:5px;\"><\/div><\/div><div class=\"fusion-sep-clear\"><\/div><ul class=\"fusion-checklist fusion-checklist-5\" style=\"font-size:16px;line-height:27.2px;\"><li class=\"fusion-li-item\"><span style=\"height:27.2px;width:27.2px;margin-right:11.2px;\" class=\"icon-wrapper circle-no\"><i class=\"fusion-li-icon fa-check fas\" style=\"color:#6487c2;\" aria-hidden=\"true\"><\/i><\/span><div class=\"fusion-li-item-content\" style=\"margin-left:38.4px;\">\n<p>Seguiment i preparaci\u00f3 de tot el temari d&#8217;oposicions amb acompanyament complet. <\/p>\n<\/div><\/li><\/ul><div class=\"fusion-sep-clear\"><\/div><div class=\"fusion-separator fusion-full-width-sep\" style=\"margin-left: auto;margin-right: auto;margin-top:5px;margin-bottom:5px;width:100%;\"><div class=\"fusion-separator-border sep-single sep-solid\" style=\"border-color:rgba(239,243,249,0);border-top-width:5px;\"><\/div><\/div><div class=\"fusion-sep-clear\"><\/div><ul class=\"fusion-checklist fusion-checklist-6\" style=\"font-size:16px;line-height:27.2px;\"><li class=\"fusion-li-item\"><span style=\"height:27.2px;width:27.2px;margin-right:11.2px;\" class=\"icon-wrapper circle-no\"><i class=\"fusion-li-icon fa-check fas\" style=\"color:#6487c2;\" aria-hidden=\"true\"><\/i><\/span><div class=\"fusion-li-item-content\" style=\"margin-left:38.4px;\">\n<p>Material propi actualitzat i foment de les eines necess\u00e0ries per a ser un membre del cos de mestres de la Generalitat altament capacitat\/a. <\/p>\n<\/div><\/li><\/ul><div class=\"fusion-sep-clear\"><\/div><div class=\"fusion-separator fusion-full-width-sep\" style=\"margin-left: auto;margin-right: auto;margin-top:5px;margin-bottom:5px;width:100%;\"><div class=\"fusion-separator-border sep-single sep-solid\" style=\"border-color:rgba(239,243,249,0);border-top-width:5px;\"><\/div><\/div><div class=\"fusion-sep-clear\"><\/div><div class=\"fusion-text fusion-text-6\"><p align=\"justify\">Com succeeix amb l\u2019especialitzaci\u00f3 en infantil, cal que l\u2019exig\u00e8ncia en la qualitat docent es trobi tamb\u00e9 en aquesta segona etapa fonamental en l\u2019educaci\u00f3. \u00c9s per aix\u00f2 que, tractant tamb\u00e9 les primeres mat\u00e8ries concretes de cada branca del coneixement, el professorat que surt de l\u2019acad\u00e8mia ho fa amb uns est\u00e0ndards d\u2019exig\u00e8ncia \u00f2ptims per al desenvolupament d\u2019aquestes tasques.<\/p>\n<\/div><div class=\"fusion-sep-clear\"><\/div><div class=\"fusion-separator fusion-full-width-sep\" style=\"margin-left: auto;margin-right: auto;margin-top:20px;width:100%;\"><\/div><div class=\"fusion-sep-clear\"><\/div><div class=\"fusion-aligncenter\"><style type=\"text\/css\">.fusion-button.button-2 {border-radius:2px;}<\/style><a class=\"fusion-button button-flat fusion-button-default-size button-default button-2 fusion-button-default-span fusion-button-default-type\" target=\"_self\" href=\"http:\/\/oposalvent.cat\/index.php\/contacta\/\"><span class=\"fusion-button-text\">contacta&#8217;ns per a la preparaci\u00f3 en ed. PRIM\u00c0RIA<\/span><\/a><\/div><div class=\"fusion-clearfix\"><\/div><\/div><\/div><\/div><div class=\"imageframe-align-center\"><span class=\" fusion-imageframe imageframe-none imageframe-2 hover-type-none\"><img width=\"150\" height=\"150\" title=\"83\" src=\"http:\/\/oposalvent.cat\/wp-content\/uploads\/2020\/06\/83-150x150.png\" class=\"img-responsive wp-image-980\" srcset=\"http:\/\/oposalvent.cat\/wp-content\/uploads\/2020\/06\/83-200x200.png 200w, http:\/\/oposalvent.cat\/wp-content\/uploads\/2020\/06\/83-400x400.png 400w, http:\/\/oposalvent.cat\/wp-content\/uploads\/2020\/06\/83.png 512w\" sizes=\"(max-width: 767px) 100vw, 150px\" \/><\/span><\/div><div class=\"fusion-clearfix\"><\/div><\/div><\/div><\/div><\/div><div class=\"fusion-fullwidth fullwidth-box fusion-builder-row-2 nonhundred-percent-fullwidth non-hundred-percent-height-scrolling\" style=\"background-color: rgba(255,255,255,0);background-position: center center;background-repeat: no-repeat;padding-top:0px;padding-right:0px;padding-bottom:0px;padding-left:0px;margin-bottom: 0px;margin-top: 0px;border-width: 0px 0px 0px 0px;border-color:#eae9e9;border-style:solid;\" ><div class=\"fusion-builder-row fusion-row\"><div class=\"fusion-layout-column fusion_builder_column fusion-builder-column-2 fusion_builder_column_1_1 1_1 fusion-one-full fusion-column-first fusion-column-last\" style=\"margin-top:0px;margin-bottom:82px;\"><div class=\"fusion-column-wrapper fusion-flex-column-wrapper-legacy\" style=\"background-position:left top;background-repeat:no-repeat;-webkit-background-size:cover;-moz-background-size:cover;-o-background-size:cover;background-size:cover;padding: 0px 0px 0px 0px;\"><div class=\"fusion-builder-row fusion-builder-row-inner fusion-row\"><div class=\"fusion-layout-column fusion_builder_column_inner fusion-builder-nested-column-2 fusion_builder_column_inner_1_1 1_1 fusion-one-full fusion-column-first fusion-column-last\" style=\"margin-top:0px;margin-bottom:20px;\"><div class=\"fusion-column-wrapper fusion-flex-column-wrapper-legacy\" style=\"background-position:left top;background-repeat:no-repeat;-webkit-background-size:cover;-moz-background-size:cover;-o-background-size:cover;background-size:cover;padding: 0px 0px 0px 0px;\"><div class=\"fusion-clearfix\"><\/div><\/div><\/div><\/div><div class=\"fusion-text fusion-text-7\"><h1 style=\"font-size: 52px;\" data-fusion-font=\"true\" align=\"center\"><span style=\"font-family: Roboto; color: #86939e; letter-spacing: normal;\" data-fusion-font=\"true\" data-fusion-google-font=\"Roboto\" data-fusion-google-variant=\"100\" data-fusion-google-subset=\"latin\">LLENGUA ANGLESA<\/span><b><span style=\"font-family: Roboto; color: #86939e; letter-spacing: normal;\" data-fusion-font=\"true\" data-fusion-google-font=\"Roboto\" data-fusion-google-variant=\"100\" data-fusion-google-subset=\"latin\"><br \/>\n<\/span><\/b><\/h1>\n<\/div><div class=\"fusion-sep-clear\"><\/div><div class=\"fusion-separator fusion-full-width-sep\" style=\"margin-left: auto;margin-right: auto;width:100%;\"><div class=\"fusion-separator-border sep-single sep-solid\" style=\"border-color:#1653a5;border-top-width:4px;\"><\/div><\/div><div class=\"fusion-sep-clear\"><\/div><div class=\"fusion-builder-row fusion-builder-row-inner fusion-row\"><div class=\"fusion-layout-column fusion_builder_column_inner fusion-builder-nested-column-3 fusion_builder_column_inner_1_1 1_1 fusion-one-full fusion-column-first fusion-column-last\" style=\"margin-top:0px;margin-bottom:0px;\"><div class=\"fusion-column-wrapper fusion-flex-column-wrapper-legacy\" style=\"background-position:left top;background-repeat:no-repeat;-webkit-background-size:cover;-moz-background-size:cover;-o-background-size:cover;background-size:cover;padding: 40px 40px 40px 40px;\"><div class=\"fusion-text fusion-text-8\"><p align=\"justify\">Les exig\u00e8ncies d&#8217;internacionalitzaci\u00f3 i profusi\u00f3 de l&#8217;\u00fas en llengua anglesa fa que aquesta especialitat hagi evolucionat particularment, amb unes transformacions a les escoles p\u00fabliques que no es poden obviar. Aix\u00ed, d&#8217;aquesta especialitzaci\u00f3 oferida en destaquem:<\/p>\n<\/div><ul class=\"fusion-checklist fusion-checklist-7\" style=\"font-size:16px;line-height:27.2px;\"><li class=\"fusion-li-item\"><span style=\"height:27.2px;width:27.2px;margin-right:11.2px;\" class=\"icon-wrapper circle-no\"><i class=\"fusion-li-icon fa-check fas\" style=\"color:#6487c2;\" aria-hidden=\"true\"><\/i><\/span><div class=\"fusion-li-item-content\" style=\"margin-left:38.4px;\">Seguiment, com en totes les altres branques, d&#8217;una preparaci\u00f3 basada en els temaris oficials per a cada convocat\u00f2ria.<\/div><\/li><\/ul><div class=\"fusion-sep-clear\"><\/div><div class=\"fusion-separator fusion-full-width-sep\" style=\"margin-left: auto;margin-right: auto;margin-top:5px;margin-bottom:5px;width:100%;\"><div class=\"fusion-separator-border sep-single sep-solid\" style=\"border-color:rgba(239,243,249,0);border-top-width:5px;\"><\/div><\/div><div class=\"fusion-sep-clear\"><\/div><ul class=\"fusion-checklist fusion-checklist-8\" style=\"font-size:16px;line-height:27.2px;\"><li class=\"fusion-li-item\"><span style=\"height:27.2px;width:27.2px;margin-right:11.2px;\" class=\"icon-wrapper circle-no\"><i class=\"fusion-li-icon fa-check fas\" style=\"color:#6487c2;\" aria-hidden=\"true\"><\/i><\/span><div class=\"fusion-li-item-content\" style=\"margin-left:38.4px;\">Complements i preparaci\u00f3 addicional amb elements presents en la pr\u00e0ctica di\u00e0ria de la doc\u00e8ncia en aquesta especialitat amb material <em>ad hoc.<\/em><br \/><\/div><\/li><\/ul><div class=\"fusion-sep-clear\"><\/div><div class=\"fusion-separator fusion-full-width-sep\" style=\"margin-left: auto;margin-right: auto;margin-top:5px;margin-bottom:5px;width:100%;\"><div class=\"fusion-separator-border sep-single sep-solid\" style=\"border-color:rgba(239,243,249,0);border-top-width:5px;\"><\/div><\/div><div class=\"fusion-sep-clear\"><\/div><ul class=\"fusion-checklist fusion-checklist-9\" style=\"font-size:16px;line-height:27.2px;\"><li class=\"fusion-li-item\"><span style=\"height:27.2px;width:27.2px;margin-right:11.2px;\" class=\"icon-wrapper circle-no\"><i class=\"fusion-li-icon fa-check fas\" style=\"color:#6487c2;\" aria-hidden=\"true\"><\/i><\/span><div class=\"fusion-li-item-content\" style=\"margin-left:38.4px;\">\n<div align=\"justify\">Fusi\u00f3 entre la preparaci\u00f3 pr\u00f2pia i individual de cada persona amb els materials que l&#8217;acad\u00e8mia facilita expressament, amb totes les actualitzacions i elements essencials.<\/div>\n<\/div><\/li><\/ul><div class=\"fusion-sep-clear\"><\/div><div class=\"fusion-separator fusion-full-width-sep\" style=\"margin-left: auto;margin-right: auto;margin-top:5px;margin-bottom:5px;width:100%;\"><div class=\"fusion-separator-border sep-single sep-solid\" style=\"border-color:rgba(239,243,249,0);border-top-width:5px;\"><\/div><\/div><div class=\"fusion-sep-clear\"><\/div><div class=\"fusion-text fusion-text-9\"><p align=\"justify\">La demanda progressiva que ha tingut aquesta especialitat al sector p\u00fablic, aix\u00ed com l&#8217;enorme rellev\u00e0ncia per dotar d&#8217;un coneixement imprescindible a la societat del segle XXI, fan d&#8217;aquesta una de les branques que precisa una formaci\u00f3 integral i profunda que permeti assolir a tot el professorat les compet\u00e8ncies necess\u00e0ries per a enfrontar-se a la realitat educativa.<\/p>\n<\/div><div class=\"fusion-sep-clear\"><\/div><div class=\"fusion-separator fusion-full-width-sep\" style=\"margin-left: auto;margin-right: auto;margin-top:20px;width:100%;\"><\/div><div class=\"fusion-sep-clear\"><\/div><div class=\"fusion-aligncenter\"><style type=\"text\/css\">.fusion-button.button-3 {border-radius:2px;}<\/style><a class=\"fusion-button button-flat fusion-button-default-size button-default button-3 fusion-button-default-span fusion-button-default-type\" target=\"_self\" href=\"http:\/\/oposalvent.cat\/index.php\/contacta\/\"><span class=\"fusion-button-text\">Contacta&#8217;ns per a la preparaci\u00f3 en llengua anglesa<\/span><\/a><\/div><div class=\"fusion-clearfix\"><\/div><\/div><\/div><\/div><div class=\"imageframe-align-center\"><span class=\" fusion-imageframe imageframe-none imageframe-3 hover-type-none\"><img width=\"150\" height=\"150\" title=\"englandcol\" src=\"http:\/\/oposalvent.cat\/wp-content\/uploads\/2020\/06\/englandcol-150x150.png\" class=\"img-responsive wp-image-974\" srcset=\"http:\/\/oposalvent.cat\/wp-content\/uploads\/2020\/06\/englandcol-200x200.png 200w, http:\/\/oposalvent.cat\/wp-content\/uploads\/2020\/06\/englandcol-400x400.png 400w, http:\/\/oposalvent.cat\/wp-content\/uploads\/2020\/06\/englandcol.png 512w\" sizes=\"(max-width: 767px) 100vw, 150px\" \/><\/span><\/div><div class=\"fusion-clearfix\"><\/div><\/div><\/div><\/div><\/div><div class=\"fusion-fullwidth fullwidth-box fusion-builder-row-3 nonhundred-percent-fullwidth non-hundred-percent-height-scrolling\" style=\"background-color: rgba(255,255,255,0);background-position: center center;background-repeat: no-repeat;padding-top:0px;padding-right:0px;padding-bottom:0px;padding-left:0px;margin-bottom: 0px;margin-top: 0px;border-width: 0px 0px 0px 0px;border-color:#eae9e9;border-style:solid;\" ><div class=\"fusion-builder-row fusion-row\"><div class=\"fusion-layout-column fusion_builder_column fusion-builder-column-3 fusion_builder_column_1_1 1_1 fusion-one-full fusion-column-first fusion-column-last\" style=\"margin-top:0px;margin-bottom:82px;\"><div class=\"fusion-column-wrapper fusion-flex-column-wrapper-legacy\" style=\"background-position:left top;background-repeat:no-repeat;-webkit-background-size:cover;-moz-background-size:cover;-o-background-size:cover;background-size:cover;padding: 0px 0px 0px 0px;\"><div class=\"fusion-builder-row fusion-builder-row-inner fusion-row\"><div class=\"fusion-layout-column fusion_builder_column_inner fusion-builder-nested-column-4 fusion_builder_column_inner_1_1 1_1 fusion-one-full fusion-column-first fusion-column-last\" style=\"margin-top:0px;margin-bottom:20px;\"><div class=\"fusion-column-wrapper fusion-flex-column-wrapper-legacy\" style=\"background-position:left top;background-repeat:no-repeat;-webkit-background-size:cover;-moz-background-size:cover;-o-background-size:cover;background-size:cover;padding: 0px 0px 0px 0px;\"><div class=\"fusion-clearfix\"><\/div><\/div><\/div><\/div><div class=\"fusion-text fusion-text-10\"><h1 style=\"font-size: 52px;\" align=\"center\" data-fusion-font=\"true\"><span style=\"font-family: Roboto; color: #86939e; letter-spacing: normal;\" data-fusion-font=\"true\" data-fusion-google-font=\"Roboto\" data-fusion-google-variant=\"100\" data-fusion-google-subset=\"latin\">T\u00c8CNIC\/A EN EDUCACI\u00d3 INFANTIL<\/span><b><span style=\"font-family: Roboto; color: #86939e; letter-spacing: normal;\" data-fusion-font=\"true\" data-fusion-google-font=\"Roboto\" data-fusion-google-variant=\"100\" data-fusion-google-subset=\"latin\"><br \/>\n<\/span><\/b><\/h1>\n<\/div><div class=\"fusion-sep-clear\"><\/div><div class=\"fusion-separator fusion-full-width-sep\" style=\"margin-left: auto;margin-right: auto;width:100%;\"><div class=\"fusion-separator-border sep-single sep-solid\" style=\"border-color:#1653a5;border-top-width:4px;\"><\/div><\/div><div class=\"fusion-sep-clear\"><\/div><div class=\"fusion-builder-row fusion-builder-row-inner fusion-row\"><div class=\"fusion-layout-column fusion_builder_column_inner fusion-builder-nested-column-5 fusion_builder_column_inner_1_1 1_1 fusion-one-full fusion-column-first fusion-column-last\" style=\"margin-top:0px;margin-bottom:0px;\"><div class=\"fusion-column-wrapper fusion-flex-column-wrapper-legacy\" style=\"background-position:left top;background-repeat:no-repeat;-webkit-background-size:cover;-moz-background-size:cover;-o-background-size:cover;background-size:cover;padding: 40px 40px 40px 40px;\"><div class=\"fusion-text fusion-text-11\"><p>A causa de l&#8217;alta demanda que hem observat en quant a la formaci\u00f3 de TEI, a partir de setembre del 2020 formem a grups espec\u00edfics per aquesta branca.<\/p>\n<p>Alhora, donada les caracter\u00edstiques particulars en quant a temari, preparaci\u00f3, funcions i necessitats professionals, recomanem fer una consulta pr\u00e8via sobre disponibilitat de places i\/o grups.<\/p>\n<p>La formaci\u00f3 que oferim des d&#8217;Oposalvent t\u00e9 en compte les funcions pr\u00f2pies de les t\u00e8cniques d&#8217;educaci\u00f3 infantil: centrant-nos en les funcions de programaci\u00f3 i avaluaci\u00f3 dels processos educatius i d&#8217;atenci\u00f3 a la inf\u00e0ncia de 0 a 6 anys, adaptem el programa preparatori no nom\u00e9s al que resulta propi de cada convocat\u00f2ria oficial, sin\u00f3 tamb\u00e9 a oferir la millor preparaci\u00f3 que serveixi per a aquelles funcions als centres educatius catalans.<\/p>\n<p>Aix\u00ed, des d&#8217;Oposalvent oferim una preparaci\u00f3 integral tenint present que les TEI esdevenen protagonistes essencials en el proc\u00e9s d&#8217;aprenentatge i desenvolupament de nens i nenes, de manera que adaptem tot el programa per a tenir professionals que puguin desenvolupar el seu potencial i, sobretot, saber-ho traslladar als seus llocs de treball en favor de tot l&#8217;alumnat.<\/p>\n<\/div><div class=\"fusion-sep-clear\"><\/div><div class=\"fusion-separator fusion-full-width-sep\" style=\"margin-left: auto;margin-right: auto;margin-top:5px;margin-bottom:5px;width:100%;\"><div class=\"fusion-separator-border sep-single sep-solid\" style=\"border-color:rgba(239,243,249,0);border-top-width:5px;\"><\/div><\/div><div class=\"fusion-sep-clear\"><\/div><div class=\"fusion-sep-clear\"><\/div><div class=\"fusion-separator fusion-full-width-sep\" style=\"margin-left: auto;margin-right: auto;margin-top:5px;margin-bottom:5px;width:100%;\"><div class=\"fusion-separator-border sep-single sep-solid\" style=\"border-color:rgba(239,243,249,0);border-top-width:5px;\"><\/div><\/div><div class=\"fusion-sep-clear\"><\/div><div class=\"fusion-sep-clear\"><\/div><div class=\"fusion-separator fusion-full-width-sep\" style=\"margin-left: auto;margin-right: auto;margin-top:5px;margin-bottom:5px;width:100%;\"><div class=\"fusion-separator-border sep-single sep-solid\" style=\"border-color:rgba(239,243,249,0);border-top-width:5px;\"><\/div><\/div><div class=\"fusion-sep-clear\"><\/div><div class=\"fusion-sep-clear\"><\/div><div class=\"fusion-separator fusion-full-width-sep\" style=\"margin-left: auto;margin-right: auto;margin-top:20px;width:100%;\"><\/div><div class=\"fusion-sep-clear\"><\/div><div class=\"fusion-aligncenter\"><style type=\"text\/css\">.fusion-button.button-4 {border-radius:2px;}<\/style><a class=\"fusion-button button-flat fusion-button-default-size button-default button-4 fusion-button-default-span fusion-button-default-type\" target=\"_self\" href=\"http:\/\/oposalvent.cat\/index.php\/contacta\/\"><span class=\"fusion-button-text\">Contacta&#8217;ns sobre grups TEI<\/span><\/a><\/div><div class=\"fusion-clearfix\"><\/div><\/div><\/div><\/div><div class=\"fusion-clearfix\"><\/div><\/div><\/div><\/div><\/div><div class=\"fusion-bg-parallax\" data-bg-align=\"center center\" data-direction=\"right\" data-mute=\"false\" data-opacity=\"100\" data-velocity=\"-0.8\" data-mobile-enabled=\"false\" data-break_parents=\"0\" data-bg-image=\"http:\/\/oposalvent.cat\/wp-content\/uploads\/2020\/05\/letters-2794672_1920.png\" data-bg-repeat=\"false\" ><\/div><div class=\"fusion-fullwidth fullwidth-box fusion-builder-row-4 fusion-parallax-right nonhundred-percent-fullwidth non-hundred-percent-height-scrolling\" style=\"background-color: rgba(255,255,255,0);background-image: url(&quot;http:\/\/oposalvent.cat\/wp-content\/uploads\/2020\/05\/letters-2794672_1920.png&quot;);background-position: center center;background-repeat: no-repeat;padding-top:80px;padding-right:0px;padding-bottom:100px;padding-left:0px;margin-bottom: 0px;margin-top: 0px;border-width: 0px 0px 0px 0px;border-color:#eae9e9;border-style:solid;-webkit-background-size:cover;-moz-background-size:cover;-o-background-size:cover;background-size:cover;\" ><div class=\"fusion-builder-row fusion-row\"><div class=\"fusion-layout-column fusion_builder_column fusion-builder-column-4 fusion_builder_column_1_1 1_1 fusion-one-full fusion-column-first fusion-column-last\" style=\"margin-top:3%;margin-bottom:3%;\"><div class=\"fusion-column-wrapper fusion-flex-column-wrapper-legacy\" style=\"background-position:left top;background-repeat:no-repeat;-webkit-background-size:cover;-moz-background-size:cover;-o-background-size:cover;background-size:cover;padding: 0px 0px 0px 0px;\"><div class=\"fusion-text fusion-text-12\"><h2 style=\"text-align: center; color: #fff; font-size: 91px; line-height: 1;\"><b>A punt per avan\u00e7ar?<\/b><\/h2>\n<\/div><div class=\"fusion-sep-clear\"><\/div><div class=\"fusion-separator fusion-full-width-sep\" style=\"margin-left: auto;margin-right: auto;margin-top:15px;width:100%;\"><\/div><div class=\"fusion-sep-clear\"><\/div><div class=\"fusion-aligncenter\"><style type=\"text\/css\">.fusion-button.button-5 .fusion-button-text, .fusion-button.button-5 i {color:#c9e6e9;}.fusion-button.button-5 .fusion-button-icon-divider{border-color:#c9e6e9;}.fusion-button.button-5:hover .fusion-button-text, .fusion-button.button-5:hover i,.fusion-button.button-5:focus .fusion-button-text, .fusion-button.button-5:focus i,.fusion-button.button-5:active .fusion-button-text, .fusion-button.button-5:active{color:#1653a5;}.fusion-button.button-5:hover .fusion-button-icon-divider, .fusion-button.button-5:hover .fusion-button-icon-divider, .fusion-button.button-5:active .fusion-button-icon-divider{border-color:#1653a5;}.fusion-button.button-5:hover, .fusion-button.button-5:focus, .fusion-button.button-5:active{border-color:#6487c2;}.fusion-button.button-5 {border-color:#ffffff;border-radius:2px;}.fusion-button.button-5{background: #1653a5;}.fusion-button.button-5:hover,.button-5:focus,.fusion-button.button-5:active{background: #c9e6e9;}<\/style><a class=\"fusion-button button-flat fusion-button-default-size button-custom button-5 fusion-button-default-span fusion-button-default-type\" target=\"_self\" href=\"http:\/\/oposalvent.cat\/index.php\/contacta\/\"><i class=\"fa-angle-right fas button-icon-left\" aria-hidden=\"true\"><\/i><span class=\"fusion-button-text\">CONTACTA&#8217;NS<\/span><\/a><\/div><div class=\"fusion-clearfix\"><\/div><\/div><\/div><\/div><\/div><\/p>\n","protected":false},"excerpt":{"rendered":"","protected":false},"author":1,"featured_media":0,"parent":0,"menu_order":0,"comment_status":"closed","ping_status":"closed","template":"100-width.php","meta":[],"_links":{"self":[{"href":"http:\/\/oposalvent.cat\/index.php\/wp-json\/wp\/v2\/pages\/680"}],"collection":[{"href":"http:\/\/oposalvent.cat\/index.php\/wp-json\/wp\/v2\/pages"}],"about":[{"href":"http:\/\/oposalvent.cat\/index.php\/wp-json\/wp\/v2\/types\/page"}],"author":[{"embeddable":true,"href":"http:\/\/oposalvent.cat\/index.php\/wp-json\/wp\/v2\/users\/1"}],"replies":[{"embeddable":true,"href":"http:\/\/oposalvent.cat\/index.php\/wp-json\/wp\/v2\/comments?post=680"}],"version-history":[{"count":55,"href":"http:\/\/oposalvent.cat\/index.php\/wp-json\/wp\/v2\/pages\/680\/revisions"}],"predecessor-version":[{"id":1015,"href":"http:\/\/oposalvent.cat\/index.php\/wp-json\/wp\/v2\/pages\/680\/revisions\/1015"}],"wp:attachment":[{"href":"http:\/\/oposalvent.cat\/index.php\/wp-json\/wp\/v2\/media?parent=680"}],"curies":[{"name":"wp","href":"https:\/\/api.w.org\/{rel}","templated":true}]}}